{"id":208,"date":"2019-01-28T08:17:55","date_gmt":"2019-01-28T08:17:55","guid":{"rendered":"http:\/\/teanieminen.fi\/?page_id=208"},"modified":"2025-04-25T19:50:28","modified_gmt":"2025-04-25T19:50:28","slug":"etusivu","status":"publish","type":"page","link":"https:\/\/teanieminen.fi\/?page_id=208","title":{"rendered":"Tervetuloa sivuilleni!"},"content":{"rendered":"<p><!--StartFragment--><\/p>\n<p><!--EndFragment--><\/p>\n<\/p>\n\n\n<figure class=\"wp-block-image size-large\"><a href=\"https:\/\/teanieminen.fi\/wp-content\/uploads\/2023\/01\/20230126_185529_0000.png\"><img loading=\"lazy\" decoding=\"async\" width=\"1024\" height=\"576\" src=\"https:\/\/teanieminen.fi\/wp-content\/uploads\/2023\/01\/20230126_185529_0000-1024x576.png\" alt=\"\" class=\"wp-image-412\" srcset=\"https:\/\/teanieminen.fi\/wp-content\/uploads\/2023\/01\/20230126_185529_0000-1024x576.png 1024w, https:\/\/teanieminen.fi\/wp-content\/uploads\/2023\/01\/20230126_185529_0000-300x169.png 300w, https:\/\/teanieminen.fi\/wp-content\/uploads\/2023\/01\/20230126_185529_0000-768x432.png 768w, https:\/\/teanieminen.fi\/wp-content\/uploads\/2023\/01\/20230126_185529_0000.png 1366w\" sizes=\"auto, (max-width: 1024px) 100vw, 1024px\" \/><\/a><\/figure>\n\n\n\n<p>Olen Tea Nieminen \u2013 Pornaislainen perheen\u00e4iti, ty\u00f6skentelen valtiolla ty\u00f6llisyyspalveluiden kehitt\u00e4misen parissa, toimin kuntap\u00e4\u00e4tt\u00e4j\u00e4n\u00e4 ja olen pohdiskeleva vaikuttaja, joka on kiinnostunut siit\u00e4, miten ihmiset ja yhteis\u00f6t voivat voida paremmin.<\/p>\n\n\n\n<p>Minulle vaikuttaminen ei ole kova\u00e4\u00e4nist\u00e4 vaatimista, vaan kuuntelemista, ymm\u00e4rt\u00e4mist\u00e4 ja sen pohtimista, mit\u00e4 me oikeastaan ollaan rakentamassa yhdess\u00e4. Uskon, ett\u00e4 politiikassa tarvitaan ennen kaikkea kyky\u00e4 katsoa arkea eri n\u00e4k\u00f6kulmista \u2013 niin perheen\u00e4idin, vanhuksen, ty\u00f6tt\u00f6m\u00e4n, nuoren kuin virkamiehenkin silmin. Min\u00e4 tunnen n\u00e4ist\u00e4 monta.<\/p>\n\n\n\n<p>Keskustalaisuus n\u00e4kyy minulle siin\u00e4, miten ihmisist\u00e4 ja paikoista pidet\u00e4\u00e4n huolta. Ei ole v\u00e4li\u00e4, asuuko kaupungissa vai kyl\u00e4ss\u00e4 \u2013 kunhan saa el\u00e4\u00e4 turvassa ja osana yhteis\u00f6\u00e4. Minulle politiikka tarkoittaa vastuuta, toivoa ja tekoja, jotka syntyv\u00e4t l\u00e4helt\u00e4 \u2013 ei pelkist\u00e4 numeroista tai et\u00e4isist\u00e4 ohjelmista.<\/p>\n\n\n\n<p>Arvostan oikeudenmukaisuutta, tasa-arvoa ja yhteist\u00e4 j\u00e4rke\u00e4. Haluan olla mukana rakentamassa maailmaa, jossa kukaan ei j\u00e4\u00e4 yksin, ja jossa p\u00e4\u00e4t\u00f6ksi\u00e4 tehd\u00e4\u00e4n ihmisi\u00e4 varten \u2013 ei heist\u00e4 huolimatta.<\/p>\n\n\n\n<p>Tervetuloa mukaan seuraamaan, kyselem\u00e4\u00e4n ja vaihtamaan ajatuksia.<\/p>\n\n\n\n<p>\u2013 Tea<\/p>\n","protected":false},"excerpt":{"rendered":"<p>Olen Tea Nieminen \u2013 Pornaislainen perheen\u00e4iti, ty\u00f6skentelen valtiolla ty\u00f6llisyyspalveluiden kehitt\u00e4misen parissa, toimin kuntap\u00e4\u00e4tt\u00e4j\u00e4n\u00e4 ja olen pohdiskeleva vaikuttaja, joka on kiinnostunut siit\u00e4, miten ihmiset ja yhteis\u00f6t voivat voida paremmin. Minulle vaikuttaminen ei ole kova\u00e4\u00e4nist\u00e4 vaatimista, vaan kuuntelemista, ymm\u00e4rt\u00e4mist\u00e4 ja sen pohtimista, mit\u00e4 me oikeastaan ollaan rakentamassa yhdess\u00e4. Uskon, ett\u00e4 politiikassa tarvitaan ennen kaikkea kyky\u00e4 katsoa arkea [&hellip;]<\/p>\n","protected":false},"author":3,"featured_media":0,"parent":0,"menu_order":0,"comment_status":"closed","ping_status":"closed","template":"","meta":{"footnotes":""},"class_list":["post-208","page","type-page","status-publish","hentry"],"_links":{"self":[{"href":"https:\/\/teanieminen.fi\/index.php?rest_route=\/wp\/v2\/pages\/208","targetHints":{"allow":["GET"]}}],"collection":[{"href":"https:\/\/teanieminen.fi\/index.php?rest_route=\/wp\/v2\/pages"}],"about":[{"href":"https:\/\/teanieminen.fi\/index.php?rest_route=\/wp\/v2\/types\/page"}],"author":[{"embeddable":true,"href":"https:\/\/teanieminen.fi\/index.php?rest_route=\/wp\/v2\/users\/3"}],"replies":[{"embeddable":true,"href":"https:\/\/teanieminen.fi\/index.php?rest_route=%2Fwp%2Fv2%2Fcomments&post=208"}],"version-history":[{"count":23,"href":"https:\/\/teanieminen.fi\/index.php?rest_route=\/wp\/v2\/pages\/208\/revisions"}],"predecessor-version":[{"id":459,"href":"https:\/\/teanieminen.fi\/index.php?rest_route=\/wp\/v2\/pages\/208\/revisions\/459"}],"wp:attachment":[{"href":"https:\/\/teanieminen.fi\/index.php?rest_route=%2Fwp%2Fv2%2Fmedia&parent=208"}],"curies":[{"name":"wp","href":"https:\/\/api.w.org\/{rel}","templated":true}]}}